{"id":11481,"date":"2025-12-03T16:01:45","date_gmt":"2025-12-03T16:01:45","guid":{"rendered":"https:\/\/www.jsmc.be\/wp\/?page_id=11481"},"modified":"2026-03-02T18:39:27","modified_gmt":"2026-03-02T18:39:27","slug":"actualites","status":"publish","type":"page","link":"https:\/\/www.jsmc.be\/wp\/?page_id=11481","title":{"rendered":"Presse"},"content":{"rendered":"\n<div class=\"wp-block-columns is-layout-flex wp-container-core-columns-is-layout-3 wp-block-columns-is-layout-flex\">\n<div class=\"wp-block-column is-layout-flow wp-block-column-is-layout-flow\" style=\"flex-basis:100%\">\n<div class=\"wp-block-columns is-layout-flex wp-container-core-columns-is-layout-2 wp-block-columns-is-layout-flex\">\n<div class=\"wp-block-column is-layout-flow wp-block-column-is-layout-flow\" style=\"flex-basis:100%\">\n<div class=\"wp-block-columns is-layout-flex wp-container-core-columns-is-layout-1 wp-block-columns-is-layout-flex\">\n<div class=\"wp-block-column is-layout-flow wp-block-column-is-layout-flow\">\n<figure class=\"wp-block-image size-full actu\"><a href=\"https:\/\/www.sudinfo.be\/id1114163\/article\/2026-02-25\/athletisme-hugo-verzele-jsmc-premier-francophone-et-sur-le-podium-national?utm_campaign=pushs&amp;utm_source=Facebook&amp;utm_medium=fb_page_ne_sports_ENA&amp;fbclid=IwY2xjawQSt1RleHRuA2FlbQIxMQBzcnRjBmFwcF9pZBAyMjIwMzkxNzg4MjAwODkyAAEePWO11Su9HMfjJiDrRChzUCXhw_3RfY8YGXaRtRbrRUrCKlNu2GjwHPJ4GeE_aem_Mn23jw-btR-07uBgZ9XVuQ\" target=\"_blank\" rel=\"noreferrer noopener\"><img loading=\"lazy\" decoding=\"async\" width=\"864\" height=\"486\" src=\"https:\/\/www.jsmc.be\/wp\/wp-content\/uploads\/2026\/03\/hugo-1.jpeg\" alt=\"\" class=\"wp-image-13739\" srcset=\"https:\/\/www.jsmc.be\/wp\/wp-content\/uploads\/2026\/03\/hugo-1.jpeg 864w, https:\/\/www.jsmc.be\/wp\/wp-content\/uploads\/2026\/03\/hugo-1-300x169.jpeg 300w, https:\/\/www.jsmc.be\/wp\/wp-content\/uploads\/2026\/03\/hugo-1-150x84.jpeg 150w, https:\/\/www.jsmc.be\/wp\/wp-content\/uploads\/2026\/03\/hugo-1-768x432.jpeg 768w\" sizes=\"(max-width: 864px) 100vw, 864px\" \/><\/a><figcaption class=\"wp-element-caption\">Hugo Verzele premier francophone et sur le podium national malgr\u00e9 une blessure<\/figcaption><\/figure>\n<\/div>\n\n\n\n<div class=\"wp-block-column is-layout-flow wp-block-column-is-layout-flow\"><\/div>\n<\/div>\n<\/div>\n<\/div>\n<\/div>\n<\/div>\n\n\n\n<div class=\"wp-block-columns is-layout-flex wp-container-core-columns-is-layout-4 wp-block-columns-is-layout-flex\">\n<div class=\"wp-block-column is-layout-flow wp-block-column-is-layout-flow\">\n<figure class=\"wp-block-image size-full actu\"><a href=\"https:\/\/www.sudinfo.be\/id1112120\/article\/2026-02-20\/athletisme-antoyne-beauvillain-de-mouscron-vise-le-podium-belge-en-epreuves?utm_campaign=pushs&amp;utm_source=Facebook&amp;utm_medium=fb_page_ne_sports_ENA&amp;fbclid=IwY2xjawQSt2ZleHRuA2FlbQIxMQBzcnRjBmFwcF9pZBAyMjIwMzkxNzg4MjAwODkyAAEeJI3D8NPPvv6VQ9ofSbAE3hd2ofIzr8RCm14U74p3hZJrm8IbI_vMVJcvSmU_aem_DAAtQFW3YNqt-vVpaRazpA\" target=\"_blank\" rel=\"noreferrer noopener\"><img loading=\"lazy\" decoding=\"async\" width=\"864\" height=\"486\" src=\"https:\/\/www.jsmc.be\/wp\/wp-content\/uploads\/2026\/03\/antoyne.jpeg\" alt=\"\" class=\"wp-image-13731\" srcset=\"https:\/\/www.jsmc.be\/wp\/wp-content\/uploads\/2026\/03\/antoyne.jpeg 864w, https:\/\/www.jsmc.be\/wp\/wp-content\/uploads\/2026\/03\/antoyne-300x169.jpeg 300w, https:\/\/www.jsmc.be\/wp\/wp-content\/uploads\/2026\/03\/antoyne-150x84.jpeg 150w, https:\/\/www.jsmc.be\/wp\/wp-content\/uploads\/2026\/03\/antoyne-768x432.jpeg 768w\" sizes=\"(max-width: 864px) 100vw, 864px\" \/><\/a><figcaption class=\"wp-element-caption\">Antoyne Beauvillain vise le podium belge en \u00e9preuves combin\u00e9es<\/figcaption><\/figure>\n<\/div>\n\n\n\n<div class=\"wp-block-column is-layout-flow wp-block-column-is-layout-flow\">\n<figure class=\"wp-block-image size-full actu\"><a href=\"https:\/\/www.sudinfo.be\/id1108358\/article\/2026-02-11\/athletisme-oscar-delmee-de-mouscron-poursuit-son-ascension-sur-1500m?utm_campaign=pushs&amp;utm_source=Facebook&amp;utm_medium=fb_page_ne_sports_ENA&amp;fbclid=IwY2xjawP65elleHRuA2FlbQIxMQBicmlkETBWZEZXbVB2REo1NTZzMTlIc3J0YwZhcHBfaWQQMjIyMDM5MTc4ODIwMDg5MgABHgoh9ggTmfF0lChMTSh54DBezBDpn4bbzYPqucpB_t8x-vM0wdJq-UaOCSyM_aem_pR28UZBzzJaf7vlonhl-yg\" target=\"_blank\" rel=\"noreferrer noopener\"><img loading=\"lazy\" decoding=\"async\" width=\"864\" height=\"486\" src=\"https:\/\/www.jsmc.be\/wp\/wp-content\/uploads\/2026\/02\/ifam.jpeg\" alt=\"\" class=\"wp-image-13727\" srcset=\"https:\/\/www.jsmc.be\/wp\/wp-content\/uploads\/2026\/02\/ifam.jpeg 864w, https:\/\/www.jsmc.be\/wp\/wp-content\/uploads\/2026\/02\/ifam-300x169.jpeg 300w, https:\/\/www.jsmc.be\/wp\/wp-content\/uploads\/2026\/02\/ifam-150x84.jpeg 150w, https:\/\/www.jsmc.be\/wp\/wp-content\/uploads\/2026\/02\/ifam-768x432.jpeg 768w\" sizes=\"(max-width: 864px) 100vw, 864px\" \/><\/a><figcaption class=\"wp-element-caption\">Oscar Delm\u00e9e, de Mouscron, poursuit son ascension sur 1500m<\/figcaption><\/figure>\n<\/div>\n<\/div>\n\n\n\n<div class=\"wp-block-columns is-layout-flex wp-container-core-columns-is-layout-5 wp-block-columns-is-layout-flex\">\n<div class=\"wp-block-column is-layout-flow wp-block-column-is-layout-flow\">\n<figure class=\"wp-block-image size-full actu\"><a href=\"https:\/\/www.sudinfo.be\/id1100626\/article\/2026-01-27\/tatiana-stellian-mouscron-signe-un-retour-convaincant-avec-une-2e-place\" target=\"_blank\" rel=\"noreferrer noopener\"><img loading=\"lazy\" decoding=\"async\" width=\"864\" height=\"486\" src=\"https:\/\/www.jsmc.be\/wp\/wp-content\/uploads\/2026\/01\/tat.jpeg\" alt=\"\" class=\"wp-image-13669\" srcset=\"https:\/\/www.jsmc.be\/wp\/wp-content\/uploads\/2026\/01\/tat.jpeg 864w, https:\/\/www.jsmc.be\/wp\/wp-content\/uploads\/2026\/01\/tat-300x169.jpeg 300w, https:\/\/www.jsmc.be\/wp\/wp-content\/uploads\/2026\/01\/tat-150x84.jpeg 150w, https:\/\/www.jsmc.be\/wp\/wp-content\/uploads\/2026\/01\/tat-768x432.jpeg 768w\" sizes=\"(max-width: 864px) 100vw, 864px\" \/><\/a><figcaption class=\"wp-element-caption\">Tatiana Stellian signe un retour convaincant avec une 2e place francophone en cross<\/figcaption><\/figure>\n<\/div>\n\n\n\n<div class=\"wp-block-column is-layout-flow wp-block-column-is-layout-flow\">\n<figure class=\"wp-block-image size-full actu\"><a href=\"https:\/\/www.sudinfo.be\/id1096816\/article\/2026-01-20\/athletisme-clara-mingoia-mange-du-lion-victoire-en-patron-doscar-delmee-mouscron?utm_campaign=pushs&amp;utm_source=Facebook&amp;utm_medium=fb_page_ne_sports_ENA&amp;fbclid=IwY2xjawPdfOdleHRuA2FlbQIxMQBzcnRjBmFwcF9pZBAyMjIwMzkxNzg4MjAwODkyAAEeJfkiDTRkjJSI2H7c0-UGhdXgRML3fDWMpeJxvxNkKh1BGG5Tk7gcu_MZCXM_aem_sXNCVWKyyXP1oSPQA3-MPQ\" target=\"_blank\" rel=\"noreferrer noopener\"><img loading=\"lazy\" decoding=\"async\" width=\"864\" height=\"486\" src=\"https:\/\/www.jsmc.be\/wp\/wp-content\/uploads\/2026\/01\/BALTEAU.jpeg\" alt=\"\" class=\"wp-image-13295\" srcset=\"https:\/\/www.jsmc.be\/wp\/wp-content\/uploads\/2026\/01\/BALTEAU.jpeg 864w, https:\/\/www.jsmc.be\/wp\/wp-content\/uploads\/2026\/01\/BALTEAU-300x169.jpeg 300w, https:\/\/www.jsmc.be\/wp\/wp-content\/uploads\/2026\/01\/BALTEAU-150x84.jpeg 150w, https:\/\/www.jsmc.be\/wp\/wp-content\/uploads\/2026\/01\/BALTEAU-768x432.jpeg 768w\" sizes=\"(max-width: 864px) 100vw, 864px\" \/><\/a><figcaption class=\"wp-element-caption\">Clara Mingoia a mang\u00e9 du lion, victoire en patron d\u2019Oscar Delm\u00e9e<\/figcaption><\/figure>\n<\/div>\n<\/div>\n\n\n\n<div class=\"wp-block-group\"><div class=\"wp-block-group__inner-container is-layout-constrained wp-block-group-is-layout-constrained\">\n<div class=\"wp-block-columns is-layout-flex wp-container-core-columns-is-layout-6 wp-block-columns-is-layout-flex\">\n<div class=\"wp-block-column is-layout-flow wp-block-column-is-layout-flow\">\n<figure class=\"wp-block-image size-full actu\"><a href=\"https:\/\/www.sudinfo.be\/id1097028\/article\/2026-01-21\/athletisme-les-cadetsscolaires-de-wapi-sont-montes-sur-10-podiums-aux\" target=\"_blank\" rel=\"noreferrer noopener\"><img loading=\"lazy\" decoding=\"async\" width=\"500\" height=\"261\" src=\"https:\/\/www.jsmc.be\/wp\/wp-content\/uploads\/2026\/01\/ODINO.jpg\" alt=\"\" class=\"wp-image-13293\" srcset=\"https:\/\/www.jsmc.be\/wp\/wp-content\/uploads\/2026\/01\/ODINO.jpg 500w, https:\/\/www.jsmc.be\/wp\/wp-content\/uploads\/2026\/01\/ODINO-300x157.jpg 300w, https:\/\/www.jsmc.be\/wp\/wp-content\/uploads\/2026\/01\/ODINO-150x78.jpg 150w\" sizes=\"(max-width: 500px) 100vw, 500px\" \/><\/a><figcaption class=\"wp-element-caption\">Les cadets\/scolaires de Wapi sont mont\u00e9s sur 10 podiums aux championnats LBFA d\u2019athl\u00e9tisme<\/figcaption><\/figure>\n<\/div>\n\n\n\n<div class=\"wp-block-column is-layout-flow wp-block-column-is-layout-flow\">\n<figure class=\"wp-block-image size-full actu\"><a href=\"https:\/\/www.sudinfo.be\/id1090859\/article\/2026-01-06\/un-titre-inattendu-pour-clara-mingoia-mouscron-aux-championnats-provinciaux?utm_campaign=pushs&amp;utm_source=Facebook&amp;utm_medium=fb_page_ne_sports_ENA&amp;fbclid=IwY2xjawPN0ylleHRuA2FlbQIxMQBzcnRjBmFwcF9pZBAyMjIwMzkxNzg4MjAwODkyAAEe6xkFYWbWLlO-vF2Au8Gf5jlkf6aU9PS6F5E5GOVQJ1tKrA97csvmHz_On2c_aem_jhoxpz4o6OZHmfyZW0-MHg\" target=\"_blank\" rel=\"noreferrer noopener\"><img loading=\"lazy\" decoding=\"async\" width=\"500\" height=\"261\" src=\"http:\/\/www.jsmc.be\/wp\/wp-content\/uploads\/2026\/01\/carla-1.jpg\" alt=\"\" class=\"wp-image-13281\" srcset=\"https:\/\/www.jsmc.be\/wp\/wp-content\/uploads\/2026\/01\/carla-1.jpg 500w, https:\/\/www.jsmc.be\/wp\/wp-content\/uploads\/2026\/01\/carla-1-300x157.jpg 300w, https:\/\/www.jsmc.be\/wp\/wp-content\/uploads\/2026\/01\/carla-1-150x78.jpg 150w\" sizes=\"(max-width: 500px) 100vw, 500px\" \/><\/a><figcaption class=\"wp-element-caption\">Un titre inattendu pour Clara Mingoia aux championnats provinciaux d\u2019athl\u00e9tisme&nbsp;: \u00ab&nbsp;Je suis motiv\u00e9e plus que tout pour la suite&nbsp;\u00bb<\/figcaption><\/figure>\n<\/div>\n<\/div>\n<\/div><\/div>\n\n\n\n<div class=\"wp-block-columns is-layout-flex wp-container-core-columns-is-layout-7 wp-block-columns-is-layout-flex\">\n<div class=\"wp-block-column is-layout-flow wp-block-column-is-layout-flow\">\n<figure class=\"wp-block-image size-full actu\"><a href=\"https:\/\/l.facebook.com\/l.php?u=https%3A%2F%2Fwww.sudinfo.be%2Fid1077216%2Farticle%2F2025-12-02%2Foscar-delmee-mouscron-signe-un-retour-tres-convaincant-avec-un-top-8-aux%3Futm_campaign%3Dpushs%26utm_source%3DFacebook%26utm_medium%3Dfb_page_ne_sports_ENA%26fbclid%3DIwZXh0bgNhZW0CMTEAc3J0YwZhcHBfaWQQMjIyMDM5MTc4ODIwMDg5MgABHjLe5W8RBXPVnL3LzCYDIS3PZGsfC_49Vvs6rP_AzPqOA6vuC5lR7831Bcpf_aem_jkQKC1tlltwCc6-DQxkbvw&amp;h=AT3bzCHYfyFo9oWTUyXNLWlLADe_MO51zTFY1Vz5ND3F2Yyj4ofEE-PMe4mv7mb1lg8ptxkMieqPX0JfYcnXLLLeYmDOGV4SY63Gr9DcAUMRD9OWPuQ8O4vm9JwCeZwlAOTqBtOPWDU6ZfPVSRZaIkbIeF7FAsky&amp;__tn__=%2CmH-y-R&amp;c[0]=AT32m3RV4ZruJsEn2mVg-PEOUWZo4CVJ6eXTeL50sCEcj6fPUuTIFq9JN9num-FPm-fZ_KDjzZ4He2_b7XPWZqpv5VcwR3LD2nl_qzyl_S_d96l3VmJ6S0Fc34CRtYjpFmLfYSu3p2uKQ1NX_7x-JNSYsZpcMBRCz3MneZOZ1Ib45UKaD41JiJQ_gu7cjzARP4zuv-p1QEYNYSPX3zN28dhg0_Rh5H03eeOj_FanxXpoe2pyIA\" target=\"_blank\" rel=\"noreferrer noopener\"><img loading=\"lazy\" decoding=\"async\" width=\"864\" height=\"486\" src=\"http:\/\/www.jsmc.be\/wp\/wp-content\/uploads\/2025\/12\/oscar-2.jpeg\" alt=\"\" class=\"wp-image-12111\" srcset=\"https:\/\/www.jsmc.be\/wp\/wp-content\/uploads\/2025\/12\/oscar-2.jpeg 864w, https:\/\/www.jsmc.be\/wp\/wp-content\/uploads\/2025\/12\/oscar-2-300x169.jpeg 300w, https:\/\/www.jsmc.be\/wp\/wp-content\/uploads\/2025\/12\/oscar-2-150x84.jpeg 150w, https:\/\/www.jsmc.be\/wp\/wp-content\/uploads\/2025\/12\/oscar-2-768x432.jpeg 768w\" sizes=\"(max-width: 864px) 100vw, 864px\" \/><\/a><figcaption class=\"wp-element-caption\">Oscar Delm\u00e9e (Mouscron) signe un retour tr\u00e8s convaincant avec un top 8 aux championnats de Belgique de cross<\/figcaption><\/figure>\n<\/div>\n\n\n\n<div class=\"wp-block-column is-layout-flow wp-block-column-is-layout-flow\">\n<figure class=\"wp-block-image size-full actu\"><a href=\"https:\/\/www.sudinfo.be\/id1037343\/article\/2025-09-07\/athletisme-des-medailles-pour-nos-regionaux-aux-championnats-de-belgique?utm_campaign=pushs&amp;utm_source=Facebook&amp;utm_medium=fb_page_ne_sports_ENA&amp;fbclid=IwY2xjawOelWRleHRuA2FlbQIxMQBzcnRjBmFwcF9pZBAyMjIwMzkxNzg4MjAwODkyAAEekNfMNk7Ki17MelVzkDcVav2OjSfx6YG_iFx3urcnYx3jmPrFCZOOdSqRa70_aem_8jTQLfYOa0oTb48mQv_NXw\" target=\"_blank\" rel=\"noreferrer noopener\"><img loading=\"lazy\" decoding=\"async\" width=\"864\" height=\"486\" src=\"https:\/\/www.jsmc.be\/wp\/wp-content\/uploads\/2025\/12\/junesp-1.jpeg\" alt=\"\" class=\"wp-image-12135\" srcset=\"https:\/\/www.jsmc.be\/wp\/wp-content\/uploads\/2025\/12\/junesp-1.jpeg 864w, https:\/\/www.jsmc.be\/wp\/wp-content\/uploads\/2025\/12\/junesp-1-300x169.jpeg 300w, https:\/\/www.jsmc.be\/wp\/wp-content\/uploads\/2025\/12\/junesp-1-150x84.jpeg 150w, https:\/\/www.jsmc.be\/wp\/wp-content\/uploads\/2025\/12\/junesp-1-768x432.jpeg 768w\" sizes=\"(max-width: 864px) 100vw, 864px\" \/><\/a><figcaption class=\"wp-element-caption\">Des m\u00e9dailles pour nos r\u00e9gionaux aux championnats de Belgique juniors\/espoirs<\/figcaption><\/figure>\n<\/div>\n<\/div>\n\n\n\n<div class=\"wp-block-columns is-layout-flex wp-container-core-columns-is-layout-8 wp-block-columns-is-layout-flex\">\n<div class=\"wp-block-column is-layout-flow wp-block-column-is-layout-flow\">\n<figure class=\"wp-block-image size-full actu\"><a href=\"https:\/\/www.lavenir.net\/regions\/wallonie-picarde\/sports\/2025\/08\/27\/hugo-verzele-jsmc-a-fait-craquer-le-plafond-des-7000-points-au-decathlon-il-fallait-que-ca-sorte-un-jour-MXR2DB5E7NCUVFPOE7P7CTHVDE\/\" target=\"_blank\" rel=\"noreferrer noopener\"><img loading=\"lazy\" decoding=\"async\" width=\"768\" height=\"512\" src=\"https:\/\/www.jsmc.be\/wp\/wp-content\/uploads\/2025\/12\/hugo-1.png\" alt=\"\" class=\"wp-image-12147\" srcset=\"https:\/\/www.jsmc.be\/wp\/wp-content\/uploads\/2025\/12\/hugo-1.png 768w, https:\/\/www.jsmc.be\/wp\/wp-content\/uploads\/2025\/12\/hugo-1-300x200.png 300w, https:\/\/www.jsmc.be\/wp\/wp-content\/uploads\/2025\/12\/hugo-1-150x100.png 150w, https:\/\/www.jsmc.be\/wp\/wp-content\/uploads\/2025\/12\/hugo-1-272x182.png 272w\" sizes=\"(max-width: 768px) 100vw, 768px\" \/><\/a><figcaption class=\"wp-element-caption\">Hugo Verzele (JSMC) a fait craquer le plafond des 7000 points au d\u00e9cathlon<\/figcaption><\/figure>\n<\/div>\n\n\n\n<div class=\"wp-block-column is-layout-flow wp-block-column-is-layout-flow\">\n<figure class=\"wp-block-image size-full actu\"><a href=\"https:\/\/www.sudinfo.be\/id1031520\/article\/2025-08-24\/athletisme-trois-medailles-aux-championnats-lbfa-pour-les-jeunes-de-wapi?utm_campaign=pushs&amp;utm_source=Facebook&amp;utm_medium=fb_page_ne_sports_ENA&amp;fbclid=IwY2xjawOelgNleHRuA2FlbQIxMQBzcnRjBmFwcF9pZBAyMjIwMzkxNzg4MjAwODkyAAEeuXk_NwWGg-6FdyXw0vb_YS014GhmJm8wUQRRzUU-hjgzyFAYSaIux5kMWD8_aem_ty8r3v1BXxo7_YRMwwLC6w\" target=\"_blank\" rel=\"noreferrer noopener\"><img loading=\"lazy\" decoding=\"async\" width=\"864\" height=\"486\" src=\"https:\/\/www.jsmc.be\/wp\/wp-content\/uploads\/2025\/12\/47457630.jpeg\" alt=\"\" class=\"wp-image-12161\" srcset=\"https:\/\/www.jsmc.be\/wp\/wp-content\/uploads\/2025\/12\/47457630.jpeg 864w, https:\/\/www.jsmc.be\/wp\/wp-content\/uploads\/2025\/12\/47457630-300x169.jpeg 300w, https:\/\/www.jsmc.be\/wp\/wp-content\/uploads\/2025\/12\/47457630-150x84.jpeg 150w, https:\/\/www.jsmc.be\/wp\/wp-content\/uploads\/2025\/12\/47457630-768x432.jpeg 768w\" sizes=\"(max-width: 864px) 100vw, 864px\" \/><\/a><figcaption class=\"wp-element-caption\">Trois m\u00e9dailles aux championnats LBFA pour les jeunes de Wapi<\/figcaption><\/figure>\n<\/div>\n<\/div>\n\n\n\n<div class=\"wp-block-columns is-layout-flex wp-container-core-columns-is-layout-9 wp-block-columns-is-layout-flex\">\n<div class=\"wp-block-column is-layout-flow wp-block-column-is-layout-flow\">\n<figure class=\"wp-block-image size-full actu\"><a href=\"https:\/\/agones-media.com\/le-youth-memorial-van-damme-une-opportunite-en-or\/?fbclid=IwY2xjawOemXpleHRuA2FlbQIxMQBzcnRjBmFwcF9pZBAyMjIwMzkxNzg4MjAwODkyAAEeaUw4NIkhh_09P9bsvv1L1Ac79BtWR0bNOyHnQK6qMJ2xpL_fRNT-Z6gLFMw_aem_ZmFrZWR1bW15MTZieXRlcw\" target=\"_blank\" rel=\"noreferrer noopener\"><img loading=\"lazy\" decoding=\"async\" width=\"980\" height=\"653\" src=\"https:\/\/www.jsmc.be\/wp\/wp-content\/uploads\/2025\/12\/antoyne.jpg\" alt=\"\" class=\"wp-image-12329\" srcset=\"https:\/\/www.jsmc.be\/wp\/wp-content\/uploads\/2025\/12\/antoyne.jpg 980w, https:\/\/www.jsmc.be\/wp\/wp-content\/uploads\/2025\/12\/antoyne-300x200.jpg 300w, https:\/\/www.jsmc.be\/wp\/wp-content\/uploads\/2025\/12\/antoyne-150x100.jpg 150w, https:\/\/www.jsmc.be\/wp\/wp-content\/uploads\/2025\/12\/antoyne-768x512.jpg 768w, https:\/\/www.jsmc.be\/wp\/wp-content\/uploads\/2025\/12\/antoyne-272x182.jpg 272w\" sizes=\"(max-width: 980px) 100vw, 980px\" \/><\/a><figcaption class=\"wp-element-caption\">Le Youth Memorial Van Damme, une opportunit\u00e9 en or<\/figcaption><\/figure>\n<\/div>\n\n\n\n<div class=\"wp-block-column is-layout-flow wp-block-column-is-layout-flow\">\n<figure class=\"wp-block-image size-full actu\"><a href=\"https:\/\/www.sudinfo.be\/id1027396\/article\/2025-08-13\/athletisme-clement-leclercq-de-la-jsmc-champion-de-belgique-de-decathlon-records?utm_campaign=pushs&amp;utm_source=Facebook&amp;utm_medium=fb_page_ne_sports_ENA&amp;fbclid=IwY2xjawOemYFleHRuA2FlbQIxMQBzcnRjBmFwcF9pZBAyMjIwMzkxNzg4MjAwODkyAAEehgijb83pdUR2kmtB8bW2YPRIB6BZpZMRbtnzv2ctNAKSEOof4m2dbB29DZU_aem_2uGd0HDA30lEmP4HrggHSA\" target=\"_blank\" rel=\"noreferrer noopener\"><img loading=\"lazy\" decoding=\"async\" width=\"864\" height=\"486\" src=\"https:\/\/www.jsmc.be\/wp\/wp-content\/uploads\/2025\/12\/clement.jpeg\" alt=\"\" class=\"wp-image-12339\" srcset=\"https:\/\/www.jsmc.be\/wp\/wp-content\/uploads\/2025\/12\/clement.jpeg 864w, https:\/\/www.jsmc.be\/wp\/wp-content\/uploads\/2025\/12\/clement-300x169.jpeg 300w, https:\/\/www.jsmc.be\/wp\/wp-content\/uploads\/2025\/12\/clement-150x84.jpeg 150w, https:\/\/www.jsmc.be\/wp\/wp-content\/uploads\/2025\/12\/clement-768x432.jpeg 768w\" sizes=\"(max-width: 864px) 100vw, 864px\" \/><\/a><figcaption class=\"wp-element-caption\">Cl\u00e9ment Leclercq, de la JSMC, champion de Belgique de d\u00e9cathlon, records personnels pour la RUSTA<\/figcaption><\/figure>\n<\/div>\n<\/div>\n\n\n\n<div class=\"wp-block-columns is-layout-flex wp-container-core-columns-is-layout-10 wp-block-columns-is-layout-flex\">\n<div class=\"wp-block-column is-layout-flow wp-block-column-is-layout-flow\">\n<figure class=\"wp-block-image size-full is-resized actu\"><a href=\"https:\/\/www.sudinfo.be\/id1020452\/article\/2025-07-23\/athletisme-antoyne-beauvillain-de-mouscron-decu-de-sa-performance-en-finale-du?utm_campaign=pushs&amp;utm_source=Facebook&amp;utm_medium=fb_page_ne_sports_ENA&amp;fbclid=IwY2xjawOeme5leHRuA2FlbQIxMQBzcnRjBmFwcF9pZBAyMjIwMzkxNzg4MjAwODkyAAEeiHGx9Kt3a0wlHbIJzxGYK0lPKU-EU1lMC2ho41oxUvzaQe4Hvk1BTKokH5s_aem_7oW-aUmomTdpiCZcOz88og\" target=\"_blank\" rel=\"noreferrer noopener\"><img loading=\"lazy\" decoding=\"async\" width=\"864\" height=\"486\" src=\"https:\/\/www.jsmc.be\/wp\/wp-content\/uploads\/2025\/12\/antoyne2.jpeg\" alt=\"\" class=\"wp-image-12367\" style=\"width:284px;height:auto\" srcset=\"https:\/\/www.jsmc.be\/wp\/wp-content\/uploads\/2025\/12\/antoyne2.jpeg 864w, https:\/\/www.jsmc.be\/wp\/wp-content\/uploads\/2025\/12\/antoyne2-300x169.jpeg 300w, https:\/\/www.jsmc.be\/wp\/wp-content\/uploads\/2025\/12\/antoyne2-150x84.jpeg 150w, https:\/\/www.jsmc.be\/wp\/wp-content\/uploads\/2025\/12\/antoyne2-768x432.jpeg 768w\" sizes=\"(max-width: 864px) 100vw, 864px\" \/><\/a><figcaption class=\"wp-element-caption\">Antoyne Beauvillain, de Mouscron, d\u00e9\u00e7u de sa performance en finale du FOJE en Mac\u00e9doine<\/figcaption><\/figure>\n<\/div>\n\n\n\n<div class=\"wp-block-column is-layout-flow wp-block-column-is-layout-flow\">\n<figure class=\"wp-block-image size-full actu\"><a href=\"https:\/\/www.sudinfo.be\/id1018952\/article\/2025-07-18\/voici-toutes-nos-photos-du-stage-dathletisme-au-futurosport-mouscron?utm_campaign=pushs&amp;utm_source=Facebook&amp;utm_medium=fb_page_ne_sports_ENA&amp;fbclid=IwY2xjawOemfJleHRuA2FlbQIxMQBzcnRjBmFwcF9pZBAyMjIwMzkxNzg4MjAwODkyAAEe3w0vOXyM2DIYpUmaKbzfhvkB6_X-wTUX2xCaQJAzPzBjMTA97xPdi9cZgLQ_aem_9vM7TX-2Oe-tMQz790cUqg\" target=\"_blank\" rel=\"noreferrer noopener\"><img loading=\"lazy\" decoding=\"async\" width=\"864\" height=\"486\" src=\"https:\/\/www.jsmc.be\/wp\/wp-content\/uploads\/2025\/12\/stage.jpeg\" alt=\"\" class=\"wp-image-12423\" srcset=\"https:\/\/www.jsmc.be\/wp\/wp-content\/uploads\/2025\/12\/stage.jpeg 864w, https:\/\/www.jsmc.be\/wp\/wp-content\/uploads\/2025\/12\/stage-300x169.jpeg 300w, https:\/\/www.jsmc.be\/wp\/wp-content\/uploads\/2025\/12\/stage-150x84.jpeg 150w, https:\/\/www.jsmc.be\/wp\/wp-content\/uploads\/2025\/12\/stage-768x432.jpeg 768w\" sizes=\"(max-width: 864px) 100vw, 864px\" \/><\/a><figcaption class=\"wp-element-caption\">Voici toutes nos photos du stage d\u2019athl\u00e9tisme au Futurosport \u00e0 Mouscron<\/figcaption><\/figure>\n<\/div>\n<\/div>\n","protected":false},"excerpt":{"rendered":"","protected":false},"author":1,"featured_media":0,"parent":0,"menu_order":0,"comment_status":"closed","ping_status":"closed","template":"","meta":{"sfsi_plus_gutenberg_text_before_share":"","sfsi_plus_gutenberg_show_text_before_share":"","sfsi_plus_gutenberg_icon_type":"","sfsi_plus_gutenberg_icon_alignemt":"","sfsi_plus_gutenburg_max_per_row":"","footnotes":""},"_links":{"self":[{"href":"https:\/\/www.jsmc.be\/wp\/index.php?rest_route=\/wp\/v2\/pages\/11481"}],"collection":[{"href":"https:\/\/www.jsmc.be\/wp\/index.php?rest_route=\/wp\/v2\/pages"}],"about":[{"href":"https:\/\/www.jsmc.be\/wp\/index.php?rest_route=\/wp\/v2\/types\/page"}],"author":[{"embeddable":true,"href":"https:\/\/www.jsmc.be\/wp\/index.php?rest_route=\/wp\/v2\/users\/1"}],"replies":[{"embeddable":true,"href":"https:\/\/www.jsmc.be\/wp\/index.php?rest_route=%2Fwp%2Fv2%2Fcomments&post=11481"}],"version-history":[{"count":19,"href":"https:\/\/www.jsmc.be\/wp\/index.php?rest_route=\/wp\/v2\/pages\/11481\/revisions"}],"predecessor-version":[{"id":13745,"href":"https:\/\/www.jsmc.be\/wp\/index.php?rest_route=\/wp\/v2\/pages\/11481\/revisions\/13745"}],"wp:attachment":[{"href":"https:\/\/www.jsmc.be\/wp\/index.php?rest_route=%2Fwp%2Fv2%2Fmedia&parent=11481"}],"curies":[{"name":"wp","href":"https:\/\/api.w.org\/{rel}","templated":true}]}}